{"id":5253,"date":"2022-03-24T16:31:55","date_gmt":"2022-03-24T16:31:55","guid":{"rendered":"https:\/\/zurichmaratonsansebastian.com\/10k-ssm\/"},"modified":"2026-03-05T09:09:36","modified_gmt":"2026-03-05T09:09:36","slug":"10k","status":"publish","type":"page","link":"https:\/\/zurichmaratonsansebastian.com\/fr\/10k\/","title":{"rendered":"10K SSM"},"content":{"rendered":"<div class=\"block-resumen-evento\">\n\t<h2 class=\"tipo-marato\">10 km MSS<\/h2>\n\t<div class=\"texto-main\">\n\t\t<div class=\"row\">\n\t\t\t<div class=\"col-12 col-sm\">\n\t\t\t\t<p>\n\t\t\t\t\t<span class=\"small\">Date<\/span>\n\t\t\t\t\t<strong>23 novembre 2026<\/strong>\n\t\t\t\t<\/p>\n\t\t\t<\/div>\n\t\t\t<div class=\"col-12 col-sm\">\n\t\t\t\t<p>\n\t\t\t\t\t<span class=\"small\">Heure de d\u00e9but<\/span>\n\t\t\t\t\t<strong>8:15h<\/strong>\n\t\t\t\t<\/p>\n\t\t\t<\/div>\n\t\t\t<div class=\"col-12 col-sm\">\n\t\t\t\t<p>\n\t\t\t\t\t<span class=\"small\">Distance<\/span>\n\t\t\t\t\t<strong>10 km<\/strong>\n\t\t\t\t<\/p>\n\t\t\t<\/div>\n\t\t\t<div class=\"col-12\">\n\t\t\t\t<p>\n\t\t\t\t\t<span class=\"small\">Lieu<\/span>\n\t\t\t\t\t<strong>Rue Hernani<\/strong>\n\t\t\t\t<\/p>\n\t\t\t<\/div>\n\t\t<\/div>\n\t\t<hr>\n\t\t<div class=\"texto\">\n\t\t\t<h2 class=\"p1\"><strong><span class=\"s1\">Le 10K de Saint-S&eacute;bastien<\/span><\/strong><\/h2>\n<p><strong><span class=\"s1\"><a class=\"button-arrow\" href=\"https:\/\/zurichmaratonsansebastian.com\/fr\/formulaire-dinscription-au-10k\/\" rel=\"noopener\">REGISTRATION&nbsp;<\/a><\/span><\/strong><\/p>\n<p>La <strong>10K du Zurich Marathon de Saint-S&eacute;bastien<\/strong> est une course rapide et plate, id&eacute;ale pour battre un record personnel ou d&eacute;buter sur la distance. Le parcours fait une boucle &agrave; travers le centre-ville, la promenade de La Concha et le quartier de Gros, en passant par des lieux embl&eacute;matiques comme la plage de La Concha, le Th&eacute;&acirc;tre Victoria Eugenia et les cubes du Kursaal.<\/p>\n<table style=\"width: 100%;height: 116px\" align=\"center\">\n<tbody>\n<tr style=\"height: 29px\">\n<td style=\"height: 29px;width: 66.0256%\"><strong>Section des dossards<\/strong><\/td>\n<td style=\"text-align: left;height: 29px;width: 30.7692%\"><strong>Prix<\/strong><\/td>\n<td style=\"height: 29px;width: 2.08333%\">&nbsp;<\/td>\n<\/tr>\n<tr style=\"height: 29px\">\n<td style=\"height: 29px;width: 66.0256%\"><span style=\"text-decoration: line-through\">1 &agrave; 500<\/span><\/td>\n<td style=\"width: 30.7692%;height: 29px\" align=\"center\"><span style=\"text-decoration: line-through\">22&euro;<\/span><\/td>\n<td style=\"width: 2.08333%;height: 29px\">&nbsp;<\/td>\n<\/tr>\n<tr style=\"height: 29px\">\n<td style=\"height: 29px;width: 66.0256%\">501 &agrave; 2000<\/td>\n<td style=\"width: 30.7692%;height: 29px\" align=\"center\">28&euro;<\/td>\n<td style=\"width: 2.08333%;height: 29px\">&nbsp;<\/td>\n<\/tr>\n<tr style=\"height: 29px\">\n<td style=\"height: 29px;width: 66.0256%\">2001 &agrave; 4500<\/td>\n<td style=\"width: 30.7692%;height: 29px\" align=\"center\">\n<p>32&euro;<\/p>\n<\/td>\n<td style=\"width: 2.08333%;height: 29px\">&nbsp;<\/td>\n<\/tr>\n<\/tbody>\n<\/table>\n<p>* Les prix incluent la TVA. ** Pour cette distance, il n&rsquo;est pas n&eacute;cessaire de payer une licence RFEA suppl&eacute;mentaire d&rsquo;une journ&eacute;e.<\/p>\t\t<\/div>\n\t\t<div class=\"boton_inscribete\">\n\t\t\t<p>\n\t\t\t\t<a class=\"button-arrow\" href=\"https:\/\/zurichmaratonsansebastian.com\/fr\/formulaire-dinscription-au-10k\/\">INSCRIPTIONS<\/a>\n\t\t\t<\/p>\n\t\t<\/div>\n\t<\/div>\n<\/div>\t\n\n<div class=\"block-recorrido\">\n\t<h2 class=\"tipo-marato\">Route<\/h2>\n\t<img loading=\"lazy\" decoding=\"async\" width=\"800\" height=\"654\" src=\"https:\/\/zurichmaratonsansebastian.com\/wp-content\/uploads\/2025\/11\/MAPA-10K-245x200-1.jpg\" class=\"attachment- size-\" alt=\"\" srcset=\"https:\/\/zurichmaratonsansebastian.com\/wp-content\/uploads\/2025\/11\/MAPA-10K-245x200-1.jpg 800w, https:\/\/zurichmaratonsansebastian.com\/wp-content\/uploads\/2025\/11\/MAPA-10K-245x200-1-300x245.jpg 300w, https:\/\/zurichmaratonsansebastian.com\/wp-content\/uploads\/2025\/11\/MAPA-10K-245x200-1-768x628.jpg 768w\" sizes=\"auto, (max-width: 800px) 100vw, 800px\" \/>\t<div class=\"texto\">\n\t\t<p>Le parcours 10K est un parcours compl&egrave;tement plat qui commence dans la rue centrale Hernani, &agrave; c&ocirc;t&eacute; des jardins embl&eacute;matiques d&rsquo;Alderdi Eder et avec l&#8217;embl&eacute;matique h&ocirc;tel de ville de Saint-S&eacute;bastien en arri&egrave;re-plan. Vous parcourrez les premiers kilom&egrave;tres &agrave; c&ocirc;t&eacute; de La Concha, pour ensuite vous approcher du centre-ville et de la rivi&egrave;re Urumea pour rejoindre le quartier de Gros. Du c&ocirc;t&eacute; est de la ville, vous profiterez d&rsquo;une ligne droite de plus d&rsquo;un kilom&egrave;tre le long de la mer pour rejoindre l&#8217;embl&eacute;matique boulevard, &agrave; c&ocirc;t&eacute; de la vieille ville de la ville.<\/p>\n<p>Rues larges et plates avec les meilleures vues de la ville.<\/p>\t<\/div>\n\t<ul class=\"descargas-list\">\t\t\t\t\t\t\n\t\t<li>\n\t\t\t<a target=\"_blank\" href=\"https:\/\/zurichmaratonsansebastian.com\/wp-content\/uploads\/2025\/11\/MAPA-10K-245x200-1.pdf\">\n\t\t\t\t<span class=\"map-icon\"><i class=\"las la-download\"><\/i><\/span>\n\t\t\t\t<span class=\"texto-enlace\">T\u00e9l\u00e9charger le PDF<\/span>\n\t\t\t\t<span class=\"right-arrow\"><i class=\"las la-long-arrow-alt-right\"><\/i><\/span>\n\t\t\t<\/a>\n\t\t<\/li>\n\t<\/ul>\n<\/div>\n\n<div class=\"block-inscribete\">\n\t<h2 class=\"tipo-marato\"><\/h2>\n\t<div class=\"texto\">\n\t\t<h1><strong>G&Eacute;REZ VOTRE INSCRIPTION<\/strong><\/h1>\n<p>Si vous &ecirc;tes d&eacute;j&agrave; inscrit et souhaitez apporter des modifications, entrez ici et g&eacute;rez votre inscription.<\/p>\t<\/div>\n\t<div class=\"boton_inscribete\">\n\t\t<p>\n\t\t\t<a class=\"button-arrow\" href=\"https:\/\/inscripciones.rpmsports.es\/fr\/evenement\/10k-zmss26\/my-registration\">V\u00c9RIFIEZ VOS DONN\u00c9ES<\/a>\n\t\t<\/p>\n\t<\/div>\n<\/div>\n\n<div class=\"block-servicios\">\n\t<h2 class=\"tipo-marato\">SERVICES<\/h2>\n\n\t<div class=\"texto-main\">\n\t\t<div class=\"row\">\n\t\t\t<div class=\"col-12\">\n\t\t\t\t<p>\n\t\t\t\t\t<span class=\"small\">Collection de bavoirs<\/span>\n\t\t\t\t\t<span>Samedi 21 novembre de 10h \u00e0 20h au centre de conf\u00e9rence Kursaal <\/span>\n\t\t\t\t<\/p>\n\t\t\t<\/div>\n\t\t\t<div class=\"col-12\">\n\t\t\t\t<p>\n\t\t\t\t\t<span class=\"small\">Service de vestiaire<\/span>\n\t\t\t\t\t<span>Dimanche 22 novembre de 7h00 \u00e0 8h00 au centre de conf\u00e9rence Kursaal (m\u00eame lieu que la foire aux coureurs).<\/span>\n\t\t\t\t<\/p>\n\t\t\t<\/div>\n\t\t\t<div class=\"col-12\">\n\t\t\t\t<p>\n\t\t\t\t\t<span class=\"small\">Heure de d\u00e9part de la course<\/span>\n\t\t\t\t\t<span>08:15am<\/span>\n\t\t\t\t<\/p>\n\t\t\t<\/div>\n\t\t\t<div class=\"col-12\">\n\t\t\t\t<p>\n\t\t\t\t\t<span class=\"small\">Li\u00e8vres<\/span>\n\t\t\t\t\t<span>La distance 10K n&rsquo;aura pas de li\u00e8vres<\/span>\n\t\t\t\t<\/p>\n\t\t\t<\/div>\n\t\t\t<div class=\"col-12\">\n\t\t\t\t<p>\n\t\t\t\t\t<span class=\"small\">Rafra\u00eechissements<\/span>\n\t\t\t\t\t<span>Ravitaillement liquide au km5 et \u00e0 l&rsquo;arriv\u00e9e ainsi qu&rsquo;un sac finisher \u00e0 l&rsquo;arriv\u00e9e.<\/span>\n\t\t\t\t<\/p>\n\t\t\t<\/div>\n\t\t<\/div>\n\t<\/div>\n\t<h2 class=\"title-secondary\">Services suppl\u00e9mentaires<\/h2>\n\t<div class=\"texto-main\">\n\t\t<div class=\"row\">\n\t\t\t<div class=\"col-12\">\n\t\t\t\t<p>\n\t\t\t\t\t<span class=\"small\">Pack de photos<\/span>\n\t\t\t\t\t<span>Si vous voulez avoir un souvenir pour la vie, vous pouvez louer le pack photo qu&rsquo;un groupe de photographes professionnels QuieroMisFotos emportera tout au long du parcours.<\/span>\n\t\t\t\t<\/p>\n\t\t\t<\/div>\n\t\t<\/div>\n\t<\/div>\n\t<\/div>","protected":false},"excerpt":{"rendered":"","protected":false},"author":1,"featured_media":0,"parent":0,"menu_order":0,"comment_status":"closed","ping_status":"closed","template":"pages\/page-info-general.php","meta":{"_acf_changed":false,"_genesis_hide_title":false,"_genesis_hide_breadcrumbs":false,"_genesis_hide_singular_image":false,"_genesis_hide_footer_widgets":false,"_genesis_custom_body_class":"","_genesis_custom_post_class":"","_genesis_layout":"","footnotes":""},"class_list":{"0":"post-5253","1":"page","2":"type-page","3":"status-publish","5":"entry"},"acf":[],"_links":{"self":[{"href":"https:\/\/zurichmaratonsansebastian.com\/fr\/wp-json\/wp\/v2\/pages\/5253","targetHints":{"allow":["GET"]}}],"collection":[{"href":"https:\/\/zurichmaratonsansebastian.com\/fr\/wp-json\/wp\/v2\/pages"}],"about":[{"href":"https:\/\/zurichmaratonsansebastian.com\/fr\/wp-json\/wp\/v2\/types\/page"}],"author":[{"embeddable":true,"href":"https:\/\/zurichmaratonsansebastian.com\/fr\/wp-json\/wp\/v2\/users\/1"}],"replies":[{"embeddable":true,"href":"https:\/\/zurichmaratonsansebastian.com\/fr\/wp-json\/wp\/v2\/comments?post=5253"}],"version-history":[{"count":16,"href":"https:\/\/zurichmaratonsansebastian.com\/fr\/wp-json\/wp\/v2\/pages\/5253\/revisions"}],"predecessor-version":[{"id":10740,"href":"https:\/\/zurichmaratonsansebastian.com\/fr\/wp-json\/wp\/v2\/pages\/5253\/revisions\/10740"}],"wp:attachment":[{"href":"https:\/\/zurichmaratonsansebastian.com\/fr\/wp-json\/wp\/v2\/media?parent=5253"}],"curies":[{"name":"wp","href":"https:\/\/api.w.org\/{rel}","templated":true}]}}